{"id":185,"date":"2011-04-11T15:22:33","date_gmt":"2011-04-11T15:22:33","guid":{"rendered":"http:\/\/vkpatriarhat.org\/hu\/?page_id=185"},"modified":"2026-02-06T22:36:24","modified_gmt":"2026-02-06T19:36:24","slug":"tortenelem","status":"publish","type":"page","link":"https:\/\/vkpatriarhat.org\/hu\/patriarchatus\/tortenelem\/","title":{"rendered":"T\u00f6rt\u00e9nelem"},"content":{"rendered":"\t\t<div data-elementor-type=\"wp-page\" data-elementor-id=\"185\" class=\"elementor elementor-185\" data-elementor-settings=\"[]\">\n\t\t\t\t\t\t\t<div class=\"elementor-section-wrap\">\n\t\t\t\t\t\t\t<section class=\"elementor-section elementor-top-section elementor-element elementor-element-59b445c1 elementor-section-boxed elementor-section-height-default elementor-section-height-default\" data-id=\"59b445c1\" data-element_type=\"section\">\n\t\t\t\t\t\t<div class=\"elementor-container elementor-column-gap-default\">\n\t\t\t\t\t<div class=\"elementor-column elementor-col-100 elementor-top-column elementor-element elementor-element-22772885\" data-id=\"22772885\" data-element_type=\"column\">\n\t\t\t<div class=\"elementor-widget-wrap elementor-element-populated\">\n\t\t\t\t\t\t\t\t<div class=\"elementor-element elementor-element-68137212 elementor-widget elementor-widget-text-editor\" data-id=\"68137212\" data-element_type=\"widget\" data-widget_type=\"text-editor.default\">\n\t\t\t\t<div class=\"elementor-widget-container\">\n\t\t\t\t\t\t\t<h2 style=\"text-align: center;\"><span style=\"color: #800000;\"><i>A Biz\u00e1nci Katolikus Patriarch\u00e1tus alap\u00edt\u00f3 okirata<\/i><\/span><\/h2><p>\u00a0<\/p>\t\t\t\t\t\t<\/div>\n\t\t\t\t<\/div>\n\t\t\t\t<div class=\"elementor-element elementor-element-3498684 elementor-aspect-ratio-169 elementor-widget elementor-widget-video\" data-id=\"3498684\" data-element_type=\"widget\" data-settings=\"{&quot;youtube_url&quot;:&quot;https:\\\/\\\/youtu.be\\\/Au1FeINtGuo&quot;,&quot;video_type&quot;:&quot;youtube&quot;,&quot;controls&quot;:&quot;yes&quot;,&quot;aspect_ratio&quot;:&quot;169&quot;}\" data-widget_type=\"video.default\">\n\t\t\t\t<div class=\"elementor-widget-container\">\n\t\t\t\t\t<div class=\"elementor-wrapper elementor-fit-aspect-ratio elementor-open-inline\">\n\t\t\t<div class=\"elementor-video\"><\/div>\t\t<\/div>\n\t\t\t\t<\/div>\n\t\t\t\t<\/div>\n\t\t\t\t<div class=\"elementor-element elementor-element-952583e elementor-widget__width-inherit elementor-widget elementor-widget-text-editor\" data-id=\"952583e\" data-element_type=\"widget\" data-widget_type=\"text-editor.default\">\n\t\t\t\t<div class=\"elementor-widget-container\">\n\t\t\t\t\t\t\t<h2 style=\"text-align: center;\"><strong style=\"color: #470000; font-family: Georgia, sans-serif; font-size: 19px; letter-spacing: -0.05em; font-style: var( --e-global-typography-text-font-style ); text-transform: var( --e-global-typography-text-text-transform );\">Az<em> Ukrajnai Pravoszl\u00e1v G\u00f6r\u00f6gkatolikus Egyh\u00e1z Zsinata <\/em><\/strong><\/h2><h3 style=\"text-align: center;\"><span style=\"color: #470000;\"><strong><em>a Legszentebb Szenth\u00e1roms\u00e1g kegyelm\u00e9b\u0151l<\/em><\/strong><\/span><\/h3><h3 style=\"text-align: center;\"><span style=\"color: #470000;\"><strong><em>\u00e9s a Legszentebb Istensz\u00fcl\u0151 oltalma alatt<\/em><\/strong><\/span><\/h3><h3 style=\"text-align: center;\"><span style=\"color: #470000;\"><strong><em>m\u00e9rlegelte a katolikus egyh\u00e1zban fenn\u00e1ll\u00f3 kritikus helyzetet, els\u0151sorban:<\/em><\/strong><\/span><\/h3><h3 style=\"text-align: center;\"><span style=\"color: #470000;\"><strong><em>az \u00fcdv\u00f6z\u00edt\u0151 hit megront\u00e1s\u00e1t \u00e9s az \u00faj tan\u00edt\u00e1s \u00e9s a m\u00e1sik l\u00e9lek befogad\u00e1s\u00e1t,<\/em><\/strong><\/span><\/h3><h3 style=\"text-align: center;\"><span style=\"color: #470000;\"><strong><em>amely szembehelyezkedik az evang\u00e9lium alapigazs\u00e1gaival <\/em><\/strong><\/span><\/h3><h3 style=\"text-align: center;\"><span style=\"color: #470000;\"><strong><em>\u00e9s az apostoli hagyom\u00e1nnyal.<\/em><\/strong><\/span><\/h3><h3 style=\"text-align: center;\"><span style=\"color: #470000;\"><strong><em>2011. 4. 5-\u00e9n a Zsinat d\u00f6nt\u00e9se alapj\u00e1n megalakult<\/em><\/strong><\/span><\/h3><h3 style=\"text-align: center;\"><span style=\"color: #470000;\"><strong><em>a Biz\u00e1nci Katolikus Patriarch\u00e1tus.<\/em><\/strong><\/span><\/h3><h3 style=\"text-align: center;\"><span style=\"color: #470000;\"><strong><em>C\u00e9lja azon h\u00edv\u0151k egyes\u00edt\u00e9se,<\/em><\/strong><\/span><\/h3><h3 style=\"text-align: center;\"><span style=\"color: #470000;\"><strong><em>akik meg akarj\u00e1k \u0151rizni a katolikus hit hib\u00e1tlan kincs\u00e9t,<\/em><\/strong><\/span><\/h3><h3 style=\"text-align: center;\"><span style=\"color: #470000;\"><strong><em>tekintet n\u00e9lk\u00fcl a nemzetis\u00e9gi hovatartoz\u00e1sra <\/em><\/strong><\/span><\/h3><h3 style=\"text-align: center;\"><span style=\"color: #470000;\"><strong><em>regardless of nationality or belonging<\/em><\/strong><\/span><\/h3><h3 style=\"text-align: center;\"><span style=\"color: #470000;\"><strong><em>vagy b\u00e1rmely katolikus egyh\u00e1zhoz vagy hagyom\u00e1nyhoz tartoz\u00e1sra. <\/em><\/strong><\/span><\/h3><h5 style=\"text-align: right;\"><strong><em>Lvov, Zovkva, 2011.4.5.<\/em><\/strong><\/h5><h5 style=\"text-align: justify;\"><strong><em>+ Michael Osida\u010d, az UPHKC egyh\u00e1z feje<\/em><\/strong><\/h5><h5 style=\"text-align: justify;\"><strong><em>+ Eli\u00e1\u0161 Dohnal, OSBMr, az UPHKC egyh\u00e1z fej\u00e9nek helyettese<\/em><\/strong><\/h5><h5 style=\"text-align: justify;\"><strong><em>+ Markian Hitiuk OSBMr<\/em><\/strong><\/h5><h5 style=\"text-align: justify;\"><strong><em>+ Metod\u011bj \u0160pi\u0159\u00edk OSBMr<\/em><\/strong><\/h5><h5 style=\"text-align: justify;\"><strong><em>+ Samuel Oberhauser OSBMr<\/em><\/strong><\/h5><h5 style=\"text-align: justify;\"><strong><em>+ Bazil Kolodi OSBMr<\/em><\/strong><\/h5><h5 style=\"text-align: justify;\"><strong><em>+ Timotej Sojka OSBMr<\/em><\/strong><\/h5><p style=\"text-align: justify;\">A kommunizmus 1946-1990 k\u00f6z\u00f6tti \u00e9veiben a volt Szovjetuni\u00f3ban az Ukrajnai G\u00f6r\u00f6gkatolikus Egyh\u00e1z (UHKC) a katakomb\u00e1kba szorult.<br \/>1996-ban a s\u00falyos beteg Lubachivsky b\u00edboros hely\u00e9be t\u00f6rv\u00e9nyellenesen, az UHKC h\u00e1rom metropolit\u00e1ja akarata ellen\u00e9re, a 17 \u00e9ve exkommunik\u00e1lt p\u00fcsp\u00f6k\u00f6t, L. Huzart \u00fcltett\u00e9k, aki eg\u00e9sz \u00e9let\u00e9t a Nyugaton t\u00f6lt\u00f6tte.<br \/>2022-t\u0151l a bazili\u00e1nus monostorban Pidhirk\u00e1ban \u00e1ldott misszi\u00f3 vette kezdet\u00e9t. 2004-ben Huzar a No. 399\/2003 sz. 2004. aug. 6-\u00e1n kelt titkos dekr\u00e9tumban k\u00e9relmezte az \u00e1llami szervekt\u0151l a pidhorecki szerzetesek Ukrajn\u00e1b\u00f3l t\u00f6rt\u00e9n\u0151 deport\u00e1l\u00e1s\u00e1t. 2006-ban meg\u00edrta a <em>Besz\u00e9lget\u00e9sek em. L. Huzarral a postkonfesszi\u00f3s kereszt\u00e9nys\u00e9gr\u0151l<\/em> c. k\u00f6nyvet, amelyben t\u00f6bb t\u00e9vtan\u00edt\u00e1st hirdet, amelyek tagadj\u00e1k az egyh\u00e1z l\u00e9nyeg\u00e9t.<br \/>2008.3.3-\u00e1n nyilv\u00e1noss\u00e1gra lett hozva a Pidhorecki Monostor n\u00e9gy bazili\u00e1nus\u00e1nak p\u00fcsp\u00f6kk\u00e9 szentel\u00e9se. A Szentatya \u00e9rtes\u00edt\u00e9st kapott err\u0151l azzal a magyar\u00e1zattal, hogy erre a l\u00e9p\u00e9sre rendk\u00edv\u00fcli helyzetben ker\u00fclt sor az UHKC \u00e9rdek\u00e9ben. Azzal, hogy Huzar ny\u00edltan her\u00e9ziseket hirdet, Ukrajn\u00e1ban rendk\u00edv\u00fcli helyzet \u00e1llt el\u0151. Hasonl\u00f3an rendk\u00edv\u00fcli volt a helyzet a kommunizmusban is. Az igazhit\u0171eket \u00fcld\u00f6zt\u00e9k \u00e9s az egyh\u00e1z a katakomb\u00e1kba szorult. Ezen okb\u00f3l volt sz\u00fcks\u00e9ges megker\u00fclni az egyh\u00e1zi proced\u00far\u00e1t, \u00e9s felvenni a szentel\u00e9st \u00fagy, ahogy a kommunizmus alatt szolg\u00e1ltatt\u00e1k ki. N\u00e9gy p\u00fcsp\u00f6k a Szentatya szem\u00e9lyes megl\u00e1togat\u00e1s\u00e1ra tett javaslatot, ahol besz\u00e1moltak volna neki a szentel\u00e9s minden r\u00e9szlet\u00e9r\u0151l, felv\u00e9telekkel dokument\u00e1lva. A n\u00e9gy bazili\u00e1nus p\u00fcsp\u00f6kk\u00e9 szentel\u00e9s\u00e9r\u0151l \u00e9rtes\u00edt\u00e9st kapott sz\u00e1mos katolikus p\u00fcsp\u00f6k \u00e9s az ukr\u00e1n k\u00f6zv\u00e9lem\u00e9ny is. A Szentatya csup\u00e1n az egyh\u00e1zi proced\u00fara be nem tart\u00e1s\u00e1\u00e9rt a n\u00e9gy p\u00fcsp\u00f6k egyik\u00e9t sem exkommunik\u00e1lta, de exkommunik\u00e1lta a Mons. Lefebvre \u00e1ltal felszentelt p\u00fcsp\u00f6k\u00f6ket. A p\u00e1pa hallgat\u00e1sa az ukrajnai p\u00fcsp\u00f6k\u00f6k felszentel\u00e9se vonatkoz\u00e1s\u00e1ban az \u0151 csendes j\u00f3v\u00e1hagy\u00e1sa volt. Term\u00e9szetesen a p\u00fcsp\u00f6k\u00f6k az ellenl\u00e1basokkal nem k\u00f6z\u00f6lt\u00e9k sem a szentel\u0151k nev\u00e9t, sem a k\u00f6r\u00fclm\u00e9nyeket \u00e9s az id\u0151pontot sem. M\u00e1r hosszabb ideje szomor\u00fa tapasztalataik voltak aljas elj\u00e1r\u00e1sukr\u00f3l, amivel felsz\u00e1molnak minden Istent\u0151l val\u00f3t az egyh\u00e1zban. A nyilv\u00e1noss\u00e1gra hozatalt k\u00f6vet\u0151en hamarosan felszentel\u00e9sre ker\u00fclt k\u00e9t tov\u00e1bbi p\u00fcsp\u00f6k, \u00e9s mindannyian egys\u00e9gre l\u00e9ptek azzal a k\u00e9t p\u00fcsp\u00f6kkel, akik m\u00e9g a kommunizmus idej\u00e9n lettek f\u00f6lszentelve. \u00cdgy sz\u00fcletett meg az UHKC Ortodox Zsinata, ellens\u00falyozva az UHKC hivatalos aposztata Zsinat\u00e1t. A hivatalos hierarchia nagy intrik\u00e1i miatt \u00e9s az \u00e1llami hat\u00f3s\u00e1gokkal val\u00f3 vissza\u00e9l\u00e9s\u00fck miatt, az Ortodox Zsinat arra k\u00e9nyszer\u00fclt, hogy megalap\u00edtsa az UHKC ortodox \u00e1g\u00e1t UPHKC n\u00e9v alatt.<\/p><p style=\"text-align: justify;\">2011. 4.5-\u00e9n, tekintettel az egyh\u00e1zban elhatalmasod\u00f3 kr\u00edzisre, a p\u00fcsp\u00f6k\u00f6k Ortodox Zsinata kihirdette a Biz\u00e1nci Katolikus Patriarch\u00e1tust, amely m\u00e1r t\u00falny\u00falt az Ukrajnai Egyh\u00e1zon, \u00e9s igazhit\u0171 alternat\u00edv\u00e1v\u00e1 v\u00e1lt a latin r\u00edtus\u00fa igazhit\u0171 katolikusok sz\u00e1m\u00e1ra is. A patriarch\u00e1tus megalakul\u00e1s\u00e1nak rendk\u00edv\u00fcl s\u00falyos oka van, m\u00e9gpedig: az igazhit\u0171 tan\u00edt\u00e1s \u00e9s erk\u00f6lcs v\u00e9delme az eg\u00e9sz katolikus egyh\u00e1zban! Ezt a szerepet 2001.05.01-t\u0151l a r\u00f3mai katolikus egyh\u00e1z hivatalos strukt\u00far\u00e1ja elvesztette, \u00e9s m\u00e1r nincs kompetenci\u00e1ja ebben m\u0171k\u00f6dni, mert mag\u00e1ra vonta a legs\u00falyosabb isteni b\u00fcntet\u00e9st, az anat\u00e9m\u00e1t, Assisi lelk\u00e9nek \u2013 az antikrisztus lelk\u00e9nek az egyh\u00e1z olt\u00e1r\u00e1ra emel\u00e9se miatt.<\/p><div style=\"text-align: center;\"><div style=\"position: relative; width: 100%; height: 0; padding-bottom: 75.0%;\"><h2><em style=\"color: #800000;\"><strong>A Biz\u00e1nci Katolikus Patriarch\u00e1tus (BKP) memoranduma<\/strong><\/em><\/h2><p style=\"text-align: justify;\"><strong>1) <span style=\"text-decoration: underline;\">A BKP megalakul\u00e1s\u00e1nak oka<\/span><\/strong><\/p><p style=\"text-align: justify;\">2008-ban alakult meg az UHKC Ortodox Zsinata, amelyet nyolc p\u00fcsp\u00f6k alkot (egy \u00e9vvel ezel\u0151tt egy k\u00f6z\u00fcl\u00fck meghalt). <span style=\"text-decoration: underline;\">Megalakul\u00e1s\u00e1nak oka az volt, hogy L. Huzar ex-b\u00edboros ny\u00edltan her\u00e9ziseket hirdet, amelyek tagadj\u00e1k a katolikus hit \u00e9s az eg\u00e9sz kereszt\u00e9nys\u00e9g l\u00e9nyeg\u00e9t.<\/span> A p\u00fcsp\u00f6k\u00f6k Ortodox Zsinata szembehelyezkedett ezzel az aposztata strukt\u00far\u00e1val, amely aposzt\u00e1zisai \u00e1ltal \u00f6r\u00f6k k\u00e1rhozatba vezeti a paps\u00e1got \u00e9s a h\u00edv\u0151 n\u00e9pet. Mivel ez a heretikus strukt\u00fara t\u00f6bb felsz\u00f3l\u00edt\u00e1s ellen\u00e9re sem akart elhat\u00e1rol\u00f3dni L. Huzar her\u00e9ziseit\u0151l, a p\u00fcsp\u00f6k\u00f6k Ortodox Zsinata Isten anat\u00e9m\u00e1j\u00e1t hirdette ki, azaz az UHKC aposztata p\u00fcsp\u00f6keinek egyh\u00e1zb\u00f3l val\u00f3 kiz\u00e1r\u00e1s\u00e1t. Ezek a prel\u00e1tusok m\u00e1r t\u00f6rv\u00e9nytelen\u00fcl bitorolj\u00e1k a hivatalokat. Durva befeket\u00edt\u00e9s \u00e9s hazug p\u00e1sztori levelek \u00e1ltal pr\u00f3b\u00e1lj\u00e1k likvid\u00e1lni az igazhit\u0171 p\u00fcsp\u00f6k\u00f6ket \u00e9s igazhit\u0171 katolikusokat. Emiatt volt sz\u00fcks\u00e9ges elszakadni az UHKC-t\u0151l \u00e9s \u00faj egyh\u00e1zat alap\u00edtani az igazhit\u0171 h\u00edv\u0151k sz\u00e1m\u00e1ra Ukrajnai Ortodox G\u00f6r\u00f6gkatolikus Egyh\u00e1z (UPHKC) n\u00e9ven. Erre 2009.08.11-\u00e9n ker\u00fclt sor. Az \u00faj egyh\u00e1z megalakul\u00e1s\u00e1r\u00f3l sz\u00f3l\u00f3 \u00e9rtes\u00edt\u00e9s \u00e9s indokl\u00e1s \u00e1t lett adva XVI. Benedek p\u00e1p\u00e1nak.<\/p><\/div><\/div>\t\t\t\t\t\t<\/div>\n\t\t\t\t<\/div>\n\t\t\t\t\t<\/div>\n\t\t<\/div>\n\t\t\t\t\t\t\t<\/div>\n\t\t<\/section>\n\t\t\t\t<section class=\"elementor-section elementor-top-section elementor-element elementor-element-4c45887 elementor-section-boxed elementor-section-height-default elementor-section-height-default\" data-id=\"4c45887\" data-element_type=\"section\">\n\t\t\t\t\t\t<div class=\"elementor-container elementor-column-gap-default\">\n\t\t\t\t\t<div class=\"elementor-column elementor-col-100 elementor-top-column elementor-element elementor-element-d695610\" data-id=\"d695610\" data-element_type=\"column\">\n\t\t\t<div class=\"elementor-widget-wrap elementor-element-populated\">\n\t\t\t\t\t\t\t\t<div class=\"elementor-element elementor-element-5836a78 elementor-widget elementor-widget-text-editor\" data-id=\"5836a78\" data-element_type=\"widget\" data-widget_type=\"text-editor.default\">\n\t\t\t\t<div class=\"elementor-widget-container\">\n\t\t\t\t\t\t\t<p style=\"text-align: justify;\">A p\u00fcsp\u00f6k\u00f6k Ortodox Zsinata teljes fenn\u00e1ll\u00e1sa \u00f3ta arra \u00f6szt\u00f6nzi a Szentaty\u00e1t, hogy hajtsa v\u00e9gre a katolikus egyh\u00e1z igaz reformj\u00e1t. Hasonl\u00f3an a Zsinat f\u00e1radhatatlanul buzd\u00edtja nemcsak Ukrajna \u00e1llami hat\u00f3s\u00e1gait, hanem a teljes Eur\u00f3pa korm\u00e1nyhivatalnokait, hogy ne engedj\u00e9k bevezetni az antidekal\u00f3gust (a homoszexualit\u00e1st, a fiatalkor\u00faak b\u00edr\u00f3s\u00e1g\u00e1t, az \u00fan. gender ideol\u00f3gi\u00e1t, antipedagogik\u00e1t, eutan\u00e1zi\u00e1t \u2026) a t\u00f6rv\u00e9nyhoz\u00e1sba. A Zsinat ism\u00e9t \u00e9letbe l\u00e9ptette Isten anat\u00e9m\u00e1j\u00e1t azokra a kereszt\u00e9nyekre vonatkoz\u00f3an, akik a f\u00e9lig titkos szabadk\u0151m\u0171ves szervezetek tagjai.<br \/>Az Ortodox Zsinat hitvall\u00e1sra \u00e9s a jelenlegi her\u00e9zisekt\u0151l val\u00f3 elhat\u00e1rol\u00f3d\u00e1sra sz\u00f3l\u00edtotta a katolikus egyh\u00e1z p\u00fcsp\u00f6keit. Az Ortodox Zsinat k\u00e9nytelen volt kinyilv\u00e1n\u00edtani az anat\u00e9m\u00e1t 4872 aposztata p\u00fcsp\u00f6kre, akik nem hat\u00e1rol\u00f3dtak el a her\u00e9zisekt\u0151l. F\u0151leg Krisztus istens\u00e9g\u00e9t \u00e9s a Szent\u00edr\u00e1s ihletetts\u00e9g\u00e9t tagad\u00f3 her\u00e9zisr\u0151l van sz\u00f3 (t\u00f6rt\u00e9net-kritikai m\u00f3dszer) \u00e9s a pog\u00e1ny d\u00e9monok \u00fan. tisztelet\u00e9r\u0151l sz\u00f3l\u00f3 her\u00e9zisr\u0151l (Assisi 1986) .<br \/>Azok a p\u00fcsp\u00f6k\u00f6k, akik hitehagyottak lettek, m\u00e1r \u00e9rv\u00e9nytelen\u00fcl szentelnek p\u00fcsp\u00f6k\u00f6ket \u00e9s papokat. A katolikus egyh\u00e1z \u00e9s a teljes kereszt\u00e9nys\u00e9g meg\u00fajul\u00e1s\u00e1nak sz\u00fcks\u00e9glete k\u00f6vetelte meg a Biz\u00e1nci Katolikus Patriarch\u00e1tus megalap\u00edt\u00e1s\u00e1t. A Patriarch\u00e1tus pr\u00f3f\u00e9tai \u00e9s apostoli alapokon nyugszik. Minden her\u00e9zist\u0151l elhat\u00e1rol\u00f3dott \u00e9s igazhit\u0171 tan\u00edt\u00e1st hirdet \u00fagy, ahogy azt az egyh\u00e1z apostolai \u00e9s aty\u00e1i hirdett\u00e9k.<\/p><p style=\"text-align: justify;\"><span style=\"font-weight: bolder;\">2) <span style=\"text-decoration: underline;\">A BKP illet\u00e9kess\u00e9g\u00e9nek kijel\u00f6l\u00e9se<\/span><\/span><\/p><p style=\"text-align: justify;\">A Patriarch\u00e1tus egyes\u00edt minden igazhit\u0171 kereszt\u00e9nyt azon lelki tekint\u00e9ly alatt, amely teljes m\u00e9rt\u00e9kben k\u00e9pviseli az igaz evang\u00e9liumot \u00e9s Krisztus tanv\u00edt\u00e1s\u00e1t itt a f\u00f6ld\u00f6n. Ez a tekint\u00e9ly kategorikusan elhat\u00e1rol\u00f3dik minden her\u00e9zist\u0151l \u00e9s vallja az \u00fcdv\u00f6z\u00edt\u0151 hitet, amely biztos\u00edtja mindazoknak, akik al\u00e1vetik magukat a patriarch\u00e1tus lelki tekint\u00e9ly\u00e9nek, az \u00fcdv\u00f6ss\u00e9gre vezet\u0151 biztos utat. A Biz\u00e1nci Patriarch\u00e1tus c\u00e9lja minden olyan h\u00edv\u0151 egyes\u00edt\u00e9se, aki meg akarja \u0151rizni a katolikus hit hib\u00e1tlan kincs\u00e9t, tekintet n\u00e9lk\u00fcl a nemzetis\u00e9gre \u00e9s b\u00e1rmely katolikus egyh\u00e1zhoz vagy hagyom\u00e1nyhoz val\u00f3 hovatartoz\u00e1sra.<\/p><p><span style=\"font-weight: bolder;\">3) <span style=\"text-decoration-line: underline;\">A BKP-be val\u00f3 befogad\u00e1s felt\u00e9telei<\/span><\/span><\/p><p style=\"text-align: justify;\">Annak a keleti vagy nyugati katolikusnak, aki a Biz\u00e1nci Katolikus Patriarch\u00e1tus joghat\u00f3s\u00e1ga al\u00e1 k\u00edv\u00e1n tartozni, alapk\u00e9nt hitet kell tennie az al\u00e1bbi alapigazs\u00e1gok mellett \u00e9s megtagadni a her\u00e9ziseket:<br \/><span style=\"text-decoration: underline;\">Hitvall\u00e1si formula:<\/span><\/p><p style=\"text-align: justify;\">1)\u00a0Hiszem, hogy J\u00e9zus Krisztus val\u00f3s\u00e1gos Isten \u00e9s val\u00f3s\u00e1gos Ember.<\/p><p style=\"text-align: justify;\">2) Hiszem, hogy csak J\u00e9zus Krisztus \u00e1ltal van \u00fcdv\u00f6ss\u00e9g, (v.\u00f6. ApCsel 4,12).<\/p><p style=\"text-align: justify;\">3) Hiszem, hogy \u00e9rt\u00fcnk, azaz \u00e9rtem \u00e9s a b\u0171neim\u00e9rt, halt meg az \u00dar J\u00e9zus a kereszten.<\/p><p style=\"text-align: justify;\">4) Hiszem, hogy harmadnapon halottaib\u00f3l felt\u00e1madt, m\u00e9gpedig val\u00f3s\u00e1gosan \u00e9s t\u00f6rt\u00e9netileg.<\/p><p style=\"text-align: justify;\">5) Megtagadom a t\u00f6rt\u00e9net-kritikai teol\u00f3gi\u00e1t (HKT) \u00e9s azt a lelket, amely m\u00f6g\u00f6tte \u00e1ll.<\/p><p style=\"text-align: justify;\">6) Megtagadom a szinkretizmus \u00e9s a relativizmus lelk\u00e9t.<\/p><p style=\"text-align: justify;\">7) Megtagadom a Nostra aetate her\u00e9zis\u00e9t \u00e9s az \u00fan. Assisi lelk\u00e9t.<\/p><p style=\"text-align: justify;\">8) Megtagadom a s\u00e1t\u00e1nt \u00e9s a d\u00e9monokat, f\u0151leg azokat, akik manaps\u00e1g a m\u00e1gia, a j\u00f3sl\u00e1s \u00e9s a spiritizmus rejtett form\u00e1in kereszt\u00fcl m\u0171k\u00f6dnek (homeop\u00e1tia, akkupunkt\u00fara, hipn\u00f3zis, j\u00f3sl\u00e1s ing\u00e1val, p\u00e1lc\u00e1val \u2026).<\/p><p style=\"text-align: justify;\">9) Megtagadpm a New Age lelk\u00e9t.<\/p><p style=\"text-align: justify;\">10) A homoszexu\u00e1lis aktivit\u00e1st ocsm\u00e1nys\u00e1gnak \u00e9s hal\u00e1los b\u0171nnek tekintem.<\/p><p style=\"text-align: justify;\">11) Megtagadom azt a lelket, aki a szabadk\u0151m\u0171vesek \u00e9s a vel\u00fck egyes\u00fclt szervezetek \u00e1ltal m\u0171k\u00f6dik (Rotary, Lions klub\u2026).<\/p><p>\u00a0<\/p><p style=\"text-align: justify;\">Al\u00e1\u00edr\u00e1s: \u2026\u2026\u2026\u2026\u2026\u2026\u2026\u2026\u2026\u2026\u2026\u00a0 \u00a0 \u00a0datum: \u2026\u2026\u2026\u2026\u2026\u2026\u2026\u2026..<\/p><p>\u00a0<\/p><p>\u00a0<\/p>\t\t\t\t\t\t<\/div>\n\t\t\t\t<\/div>\n\t\t\t\t\t<\/div>\n\t\t<\/div>\n\t\t\t\t\t\t\t<\/div>\n\t\t<\/section>\n\t\t\t\t\t\t<\/div>\n\t\t\t\t\t<\/div>\n\t\t","protected":false},"excerpt":{"rendered":"<p>A Biz\u00e1nci Katolikus Patriarch\u00e1tus alap\u00edt\u00f3 okirata \u00a0 https:\/\/youtu.be\/Au1FeINtGuo Az Ukrajnai Pravoszl\u00e1v G\u00f6r\u00f6gkatolikus Egyh\u00e1z Zsinata a Legszentebb Szenth\u00e1roms\u00e1g kegyelm\u00e9b\u0151l \u00e9s a Legszentebb Istensz\u00fcl\u0151 oltalma alatt m\u00e9rlegelte a katolikus egyh\u00e1zban fenn\u00e1ll\u00f3 kritikus helyzetet, els\u0151sorban: az \u00fcdv\u00f6z\u00edt\u0151 hit megront\u00e1s\u00e1t \u00e9s az \u00faj tan\u00edt\u00e1s \u00e9s a m\u00e1sik l\u00e9lek befogad\u00e1s\u00e1t, amely szembehelyezkedik az evang\u00e9lium alapigazs\u00e1gaival \u00e9s az apostoli hagyom\u00e1nnyal. 2011. [&hellip;]<\/p>\n","protected":false},"author":1,"featured_media":0,"parent":177,"menu_order":0,"comment_status":"open","ping_status":"open","template":"","meta":[],"_links":{"self":[{"href":"https:\/\/vkpatriarhat.org\/hu\/wp-json\/wp\/v2\/pages\/185"}],"collection":[{"href":"https:\/\/vkpatriarhat.org\/hu\/wp-json\/wp\/v2\/pages"}],"about":[{"href":"https:\/\/vkpatriarhat.org\/hu\/wp-json\/wp\/v2\/types\/page"}],"author":[{"embeddable":true,"href":"https:\/\/vkpatriarhat.org\/hu\/wp-json\/wp\/v2\/users\/1"}],"replies":[{"embeddable":true,"href":"https:\/\/vkpatriarhat.org\/hu\/wp-json\/wp\/v2\/comments?post=185"}],"version-history":[{"count":103,"href":"https:\/\/vkpatriarhat.org\/hu\/wp-json\/wp\/v2\/pages\/185\/revisions"}],"predecessor-version":[{"id":27328,"href":"https:\/\/vkpatriarhat.org\/hu\/wp-json\/wp\/v2\/pages\/185\/revisions\/27328"}],"up":[{"embeddable":true,"href":"https:\/\/vkpatriarhat.org\/hu\/wp-json\/wp\/v2\/pages\/177"}],"wp:attachment":[{"href":"https:\/\/vkpatriarhat.org\/hu\/wp-json\/wp\/v2\/media?parent=185"}],"curies":[{"name":"wp","href":"https:\/\/api.w.org\/{rel}","templated":true}]}}