{"id":177,"date":"2011-04-11T15:21:04","date_gmt":"2011-04-11T15:21:04","guid":{"rendered":"http:\/\/vkpatriarhat.org\/hu\/?page_id=177"},"modified":"2025-11-13T19:58:48","modified_gmt":"2025-11-13T16:58:48","slug":"patriarchatus","status":"publish","type":"page","link":"https:\/\/vkpatriarhat.org\/hu\/patriarchatus\/","title":{"rendered":"Patriarch\u00e1tus"},"content":{"rendered":"\t\t<div data-elementor-type=\"wp-page\" data-elementor-id=\"177\" class=\"elementor elementor-177\" data-elementor-settings=\"[]\">\n\t\t\t\t\t\t\t<div class=\"elementor-section-wrap\">\n\t\t\t\t\t\t\t<section class=\"elementor-section elementor-top-section elementor-element elementor-element-5e6920a elementor-section-boxed elementor-section-height-default elementor-section-height-default\" data-id=\"5e6920a\" data-element_type=\"section\">\n\t\t\t\t\t\t<div class=\"elementor-container elementor-column-gap-default\">\n\t\t\t\t\t<div class=\"elementor-column elementor-col-100 elementor-top-column elementor-element elementor-element-151ac2b\" data-id=\"151ac2b\" data-element_type=\"column\">\n\t\t\t<div class=\"elementor-widget-wrap elementor-element-populated\">\n\t\t\t\t\t\t\t\t<div class=\"elementor-element elementor-element-a8586bc elementor-widget elementor-widget-text-editor\" data-id=\"a8586bc\" data-element_type=\"widget\" data-widget_type=\"text-editor.default\">\n\t\t\t\t<div class=\"elementor-widget-container\">\n\t\t\t\t\t\t\t<p style=\"font-size: 18px; text-align: center;\"><span style=\"color: #800000;\"><em><span style=\"font-weight: bolder;\">Alapinform\u00e1ci\u00f3k a Biz\u00e1nci Patriarch\u00e1tusr\u00f3l (BKP)<\/span><\/em><\/span><\/p><p style=\"font-size: 18px; text-align: justify;\"><em><span style=\"color: #000000;\">A Biz\u00e1nci Katolikus Patriarch\u00e1tus (BKP)kolostorban \u00e9l\u0151 szerzetesek, papok \u00e9s p\u00fcsp\u00f6k\u00f6k k\u00f6z\u00f6ss\u00e9ge. A BKP \u00e9l\u00e9n Ill\u00e9s p\u00e1tri\u00e1rka \u00e9s k\u00e9t p\u00fcsp\u00f6k-titk\u00e1r: +Tim\u00f3teus \u00e9s +Met\u00f3d \u00e1ll. A BKP a kereszt\u00e9ny alapigazs\u00e1gok her\u00e9zisekkel \u00e9s aposzt\u00e1zisokkal szembeni v\u00e9delm\u00e9ben alakult meg.<br \/><\/span><\/em><em><span style=\"color: #000000;\">Bergoglio megtagadta a tan\u00edt\u00e1s \u00e9s az erk\u00f6lcs alapelveit, ez\u00e9rt a Patriarch\u00e1tus, a katolikus tan\u00edt\u00e1s \u00e9s hagyom\u00e1ny ir\u00e1nti h\u0171s\u00e9gb\u0151l, nem vetette mag\u00e1t al\u00e1 ennek az \u00e9rv\u00e9nytelen p\u00e1p\u00e1nak. \u0150 ny\u00edlt heretikusk\u00e9nt t\u00f6bbsz\u00f6r\u00f6sen kiz\u00e1rta mag\u00e1t a katolikus egyh\u00e1zb\u00f3l. Meghirdette a szinod\u00e1lis LMBTQ utat, amely fel\u00e1ll\u00edtotta a szodomita antievang\u00e9liumot \u00e9s szembehelyezkedik Krisztus \u00fcdv\u00f6ss\u00e9gre vezet\u0151 \u00fatj\u00e1val.<br \/>Bergoglio ut\u00f3da, Le\u00f3 Prevost, a megv\u00e1laszt\u00e1sa el\u0151tt ezt a szinod\u00e1lis LMBTQ utat ny\u00edltan \u00e9rv\u00e9nyre akarta juttatni, amivel kiz\u00e1rta mag\u00e1t a katolikus egyh\u00e1zb\u00f3l. \u00c9s aki annak nem tagja, nem is lehet annak feje.<br \/>A Patriarch\u00e1tus nem vetette mag\u00e1t al\u00e1 az aposztata Bergoglionak, \u00e9s nem veti mag\u00e1t al\u00e1 az aposztata Prevostnak sem.<\/span><\/em><\/p>\t\t\t\t\t\t<\/div>\n\t\t\t\t<\/div>\n\t\t\t\t\t<\/div>\n\t\t<\/div>\n\t\t\t\t\t\t\t<\/div>\n\t\t<\/section>\n\t\t\t\t<section class=\"elementor-section elementor-top-section elementor-element elementor-element-4e12fe95 elementor-section-boxed elementor-section-height-default elementor-section-height-default\" data-id=\"4e12fe95\" data-element_type=\"section\">\n\t\t\t\t\t\t<div class=\"elementor-container elementor-column-gap-default\">\n\t\t\t\t\t<div class=\"elementor-column elementor-col-100 elementor-top-column elementor-element elementor-element-74ec594c\" data-id=\"74ec594c\" data-element_type=\"column\">\n\t\t\t<div class=\"elementor-widget-wrap elementor-element-populated\">\n\t\t\t\t\t\t\t\t<div class=\"elementor-element elementor-element-36b610c elementor-aspect-ratio-169 elementor-widget elementor-widget-video\" data-id=\"36b610c\" data-element_type=\"widget\" data-settings=\"{&quot;youtube_url&quot;:&quot;https:\\\/\\\/youtu.be\\\/N_lVR6uQZq8&quot;,&quot;video_type&quot;:&quot;youtube&quot;,&quot;controls&quot;:&quot;yes&quot;,&quot;aspect_ratio&quot;:&quot;169&quot;}\" data-widget_type=\"video.default\">\n\t\t\t\t<div class=\"elementor-widget-container\">\n\t\t\t\t\t<div class=\"elementor-wrapper elementor-fit-aspect-ratio elementor-open-inline\">\n\t\t\t<div class=\"elementor-video\"><\/div>\t\t<\/div>\n\t\t\t\t<\/div>\n\t\t\t\t<\/div>\n\t\t\t\t\t<\/div>\n\t\t<\/div>\n\t\t\t\t\t\t\t<\/div>\n\t\t<\/section>\n\t\t\t\t<section class=\"elementor-section elementor-top-section elementor-element elementor-element-fbe0d3d elementor-section-boxed elementor-section-height-default elementor-section-height-default\" data-id=\"fbe0d3d\" data-element_type=\"section\">\n\t\t\t\t\t\t<div class=\"elementor-container elementor-column-gap-default\">\n\t\t\t\t\t<div class=\"elementor-column elementor-col-100 elementor-top-column elementor-element elementor-element-e033ad0\" data-id=\"e033ad0\" data-element_type=\"column\">\n\t\t\t<div class=\"elementor-widget-wrap elementor-element-populated\">\n\t\t\t\t\t\t\t\t<div class=\"elementor-element elementor-element-8c92432 elementor-widget elementor-widget-text-editor\" data-id=\"8c92432\" data-element_type=\"widget\" data-widget_type=\"text-editor.default\">\n\t\t\t\t<div class=\"elementor-widget-container\">\n\t\t\t\t\t\t\t<p style=\"font-size: 18px; letter-spacing: 0.5px; text-align: justify;\"><em><span style=\"color: #000000;\">A BKP katolikus \u2013 egyetemes!\u00a0<span style=\"font-weight: bolder;\">Egyetlen p\u00fcsp\u00f6k, sem egyh\u00e1z nem tartozik a Patriarch\u00e1tus joghat\u00f3s\u00e1ga al\u00e1.<\/span><\/span><\/em><\/p><p style=\"font-size: 18px; letter-spacing: 0.5px; text-align: justify;\"><em><span style=\"text-decoration-line: underline; color: #000000;\">A Biz\u00e1nci Patriarch\u00e1tus pr\u00f3f\u00e9tai szolg\u00e1latot teljes\u00edt a jelenlegi egyh\u00e1zban, v\u00e9delmezi az igazhit\u0171 tan\u00edt\u00e1st \u00e9s hagyom\u00e1nyt a vesz\u00e9lyes her\u00e9zisekkel \u00e9s a szinkretizmussal szemben, amelyek m\u00f6g\u00f6tt a pog\u00e1nys\u00e1g lelke \u00e1ll.<\/span><\/em><\/p><p style=\"font-size: 18px; letter-spacing: 0.5px; text-align: justify;\"><em>A Biz\u00e1nci Patriarch\u00e1tus kihirdeti \u2013 kinyilv\u00e1n\u00edtja \u2013 Isten b\u00fcntet\u00e9seit, anat\u00e9m\u00e1it, konkr\u00e9t szem\u00e9lyekre (persz\u00f3n\u00e1kra) vonatkoz\u00f3an, azokra, akik vissza\u00e9lnek az egyh\u00e1zi tekint\u00e9llyel, elfogadt\u00e1k a her\u00e9ziseket \u00e9s elutas\u00edtj\u00e1k a megt\u00e9r\u00e9st! Ez \u00e9rt\u00fck val\u00f3 szolg\u00e1lat, hogy megt\u00e9rhessenek, \u00e9s Isten n\u00e9p\u00e9\u00e9rt val\u00f3 szolg\u00e1lat is, hogy vil\u00e1gosan tudja, hogy ki a heretikus, aki vissza\u00e9l az egyh\u00e1z hatalm\u00e1val. Ez\u00e9rt Isten n\u00e9pe, sem a papok nem tartoznak ezeknek engedelmess\u00e9ggel! A Biz\u00e1nci Patriarch\u00e1tus anat\u00e9m\u00e1t hirdetett sz\u00e1mos katolikus p\u00fcsp\u00f6kre, b\u00edborosra, s\u0151t az utols\u00f3 h\u00e1rom p\u00e1p\u00e1ra is, mert vissza\u00e9ltek a tekint\u00e9llyel a her\u00e9zisek egyh\u00e1zon bel\u00fcli \u00e9rv\u00e9nyre juttat\u00e1sa \u00e9rdek\u00e9ben. \u00cdgy \u00faj gondolkod\u00e1s nyert teret, amely ellent\u00e9tes a k\u00f6zel 2000 \u00e9ve fenn\u00e1ll\u00f3 teljes egyh\u00e1zi hagyom\u00e1nnyal. Ennek az lett az eredm\u00e9nye, hogy a volt kereszt\u00e9ny orsz\u00e1gokban emberellenes gender t\u00f6rv\u00e9nyeknek akarnak \u00e9rv\u00e9nyt szerezni, amelyek t\u00e1mogatj\u00e1k \u00e9s privilegiz\u00e1lj\u00e1k a homoszexualizmust, transzszexualizmust, pedof\u00edli\u00e1t, zoof\u00edli\u00e1t, \u00e9s erk\u00f6lcsileg t\u00f6nkreteszik az egy\u00e9nt, a csal\u00e1dot \u00e9s a t\u00e1rsadalmat is. Az egyes \u201ekereszt\u00e9ny orsz\u00e1gok\u201d ezzel az erk\u00f6lcsi, lelki \u00e9s fizikai \u00f6npuszt\u00edt\u00e1sba vannak beleh\u00fazva.\u00a0<span style=\"text-decoration-line: underline;\">A trag\u00e9dia az, hogy a Vatik\u00e1n \u00e9s a neki al\u00e1rendelt egyh\u00e1zi hierarchia k\u00e9pmutat\u00f3an hallgat, \u00e9s de facto egyet\u00e9rt az ideigval\u00f3 \u00e9s \u00f6r\u00f6kk\u00e9val\u00f3 \u00f6npuszt\u00edt\u00e1s ezen \u00fatj\u00e1val.<\/span><\/em><\/p><p style=\"font-size: 18px; letter-spacing: 0.5px; text-align: justify;\"><em><span style=\"color: #000000;\">A Biz\u00e1nci Patriarch\u00e1tus csup\u00e1n n\u00e9h\u00e1ny emberb\u0151l \u00e1ll, hasonl\u00f3an a kor\u00e1bbi Hittani Kongreg\u00e1ci\u00f3hoz (f\u0151, titk\u00e1rok \u00e9s n\u00e9h\u00e1ny munkat\u00e1rs).<br \/><span style=\"text-decoration-line: underline;\">A Patriarch\u00e1tus Isten tekint\u00e9ly\u00e9vel l\u00e9p fel,<\/span>\u00a0nincs al\u00e1rendelve semmilyen egyh\u00e1zi strukt\u00far\u00e1nak, hasonl\u00f3an a pr\u00f3f\u00e9t\u00e1khoz, akik a hivatalos \u00e1roni paps\u00e1g mellett m\u0171k\u00f6dtek.<br \/><\/span><\/em><\/p><p style=\"font-size: 18px; letter-spacing: 0.5px; text-align: justify;\"><em><span style=\"color: #000000;\"><span style=\"text-decoration-line: underline;\">A Biz\u00e1nci Patriarch\u00e1tust 2011.04.05-\u00e9n alap\u00edtotta<\/span>\u00a0az Ukrajnai Pravoszl\u00e1v G\u00f6r\u00f6katolikus Egyh\u00e1z (UP HKC) h\u00e9t p\u00fcsp\u00f6k\u00e9b\u0151l \u00e1ll\u00f3 zsinat,. Ez az igazhit\u0171 strukt\u00fara a her\u00e9zisek miatt, amelyeket a g\u00f6r\u00f6gkatolikus egyh\u00e1zban Huzar b\u00edboros hirdetett, az \u0151 heretikus strukt\u00far\u00e1j\u00e1t\u00f3l elszakadt.<\/span><\/em><\/p><p style=\"font-size: 18px; letter-spacing: 0.5px; text-align: justify;\"><em><span style=\"color: #000000;\">A Biz\u00e1ni Patriarch\u00e1tus a kereszt\u00e9nys\u00e9g jelenlegi hatalmas aposzt\u00e1zisa miatt \u00e1ll fenn. Ha majd kiirtatnak a her\u00e9zisek, a Patriarch\u00e1tus \u00f6nmag\u00e1t oszlatja f\u00f6l, mert tov\u00e1bbi fenn\u00e1ll\u00e1sa m\u00e1r nem indokolt.<\/span><\/em><\/p><p style=\"font-size: 18px; letter-spacing: 0.5px; text-align: justify;\"><em><span style=\"color: #000000;\">A Biz\u00e1nci Patriarch\u00e1tus nemcsak a lelki patol\u00f3gi\u00e1val (a her\u00e9zisekkel) foglalkozik, hanem Isten rajta kereszt\u00fcl h\u00edvja val\u00f3di megt\u00e9r\u00e9sre az \u0150 n\u00e9p\u00e9t, a tiszta forr\u00e1shoz val\u00f3 visszat\u00e9r\u00e9sre, ami a k\u00f6zel 2000 \u00e9ves evang\u00e9liumi tan\u00edt\u00e1s \u00e9s a hagyom\u00e1ny.<\/span><\/em><\/p><p style=\"font-size: 18px; letter-spacing: 0.5px; text-align: justify;\"><em><span style=\"color: #000000;\"><span style=\"text-decoration-line: underline;\">A Biz\u00e1nci Patriarch\u00e1tus vezet\u00e9se:<\/span>\u00a0Ill\u00e9s p\u00e1tri\u00e1rka \u00e9s a p\u00fcsp\u00f6k-titk\u00e1rok: Met\u00f3d \u00e9s Tim\u00f3teus.<\/span><\/em><\/p><p style=\"font-size: 18px; letter-spacing: 0.5px; text-align: center;\"><em><span style=\"font-weight: bolder;\">\u00a0<\/span><\/em><\/p><p style=\"font-size: 18px; letter-spacing: 0.5px; text-align: justify;\"><em><span style=\"color: #000000;\"><span style=\"font-weight: bolder;\">Szem\u00e9lyes adatok<\/span><\/span><\/em><\/p><p style=\"font-size: 18px; letter-spacing: 0.5px; text-align: justify;\"><em><span style=\"color: #000000;\"><span style=\"text-decoration-line: underline;\">Ill\u00e9s P\u00e1tri\u00e1rka OSBMr,<\/span>\u00a01946-ban sz\u00fcletett a Cseh K\u00f6zt\u00e1rsas\u00e1gban, 1972-ben szentelt\u00e9k papp\u00e1. 1991-ben l\u00e9pett a Nagy Szent Vazul Rendbe. Teol\u00f3giai doktor\u00e1tus\u00e1t a pr\u00e1gai K\u00e1roly Egyetemen szerezte. A titkos p\u00fcsp\u00f6ki chirotoni\u00e1t 2008.03.03-\u00e1n tette k\u00f6zz\u00e9.<\/span><\/em><\/p><p style=\"font-size: 18px; letter-spacing: 0.5px; text-align: justify;\"><em><span style=\"color: #000000;\"><span style=\"text-decoration-line: underline;\">Met\u00f3d p\u00fcsp\u00f6k OSBMr,<\/span>\u00a0a Biz\u00e1nci Patriarch\u00e1tus titk\u00e1ra, 1968-ban sz\u00fcletett a Cseh K\u00f6zt\u00e1rsas\u00e1gban. 1991-ben l\u00e9pett a Nagy Szent Vazul Rendbe, 1996-ban szentelt\u00e9k papp\u00e1, teol\u00f3giai doktor\u00e1tus\u00e1t a pr\u00e1gai K\u00e1roly Egyetemen szerezte. A titkos p\u00fcsp\u00f6ki chirotoni\u00e1t 2008.03.03-\u00e1n tette k\u00f6zz\u00e9.<\/span><\/em><\/p><p style=\"font-size: 18px; letter-spacing: 0.5px; text-align: justify;\"><em><span style=\"color: #000000;\"><span style=\"text-decoration-line: underline;\">Tim\u00f3teus p\u00fcsp\u00f6k OSBMr,<\/span>\u00a0a Biz\u00e1nci Patriarch\u00e1tus titk\u00e1ra, 1973-ban sz\u00fcletett a Szlov\u00e1k K\u00f6zt\u00e1rsas\u00e1gban, a Nagy Szent Vazul Rendbe 2008-ban l\u00e9pett, 2004-ben papp\u00e1 szentelt\u00e9k, egyh\u00e1zjogi licenci\u00e1tus\u00e1t R\u00f3m\u00e1ban szerezte, P\u00fcsp\u00f6ki chirotonia \u2013 2008 j\u00falius\u00e1ban Pihirk\u00e1ban.<\/span><\/em><\/p><p style=\"font-size: 18px; letter-spacing: 0.5px; text-align: justify;\"><em><span style=\"color: #000000;\">(megj. az OSBMr a Reform\u00e1lt Nagy Szent Vazul Rendet jelenti.)<\/span><\/em><\/p><h5 style=\"text-align: justify;\"><em><span style=\"color: #2e0000;\">Ill\u00e9s p\u00e1tri\u00e1rka \u00e9s Met\u00f3d p\u00fcsp\u00f6k felszentel\u00e9s\u00e9nek d\u00e1tuma \u00e9s helye, valamint az \u0151ket felszentel\u0151k nevei nincsenek nyilv\u00e1noss\u00e1gra hozva a Huzar b\u00edboros \u00e9s munkat\u00e1rsai intrik\u00e1ival szembeni v\u00e9delem ok\u00e1n. A p\u00fcsp\u00f6ki folytonoss\u00e1g A. Septicky \u00e9rsekhez, OSBM, kapcsol\u00f3dik. A g\u00f6r\u00f6katolikus egyh\u00e1z kommunista korm\u00e1ny \u00e1ltali felsz\u00e1mol\u00e1sa idej\u00e9n titkosan p\u00fcsp\u00f6kk\u00e9 szentelt\u00e9k: S. Dmyterko p\u00fcsp\u00f6k, OSBM (teol\u00f3gia tanulm\u00e1nyok Csehorsz\u00e1gban), I. Bilyk OSBM, P. Vasylyk, V. Ster\u0148uk CSsR, J. Kavaciv OSBM &#8230;<\/span><\/em><\/h5><h5 style=\"text-align: justify;\"><em><span style=\"color: #2e0000;\">\u00a0<\/span><\/em><\/h5><p style=\"font-size: 18px; letter-spacing: 0.5px; text-align: center;\"><em><span style=\"color: #420000;\"><span style=\"font-weight: bolder;\">Jelenleg a Biz\u00e1nci Patriarch\u00e1tus exiliumban van (Pr\u00e1ga)<\/span><\/span><\/em><\/p><p style=\"font-size: 18px; letter-spacing: 0.5px; text-align: center;\"><em><span style=\"color: #420000;\"><span style=\"font-weight: bolder;\">\u00a0<\/span><\/span><\/em><\/p><p style=\"font-size: 18px; letter-spacing: 0.5px; text-align: center;\"><em><span style=\"color: #420000;\"><span style=\"font-weight: bolder;\">\u00a0<\/span><\/span><\/em><\/p><p style=\"font-size: 18px; letter-spacing: 0.5px; text-align: center;\"><em><span style=\"color: #420000;\"><span style=\"font-weight: bolder;\">\u00a0<\/span><\/span><\/em><\/p>\t\t\t\t\t\t<\/div>\n\t\t\t\t<\/div>\n\t\t\t\t\t<\/div>\n\t\t<\/div>\n\t\t\t\t\t\t\t<\/div>\n\t\t<\/section>\n\t\t\t\t\t\t<\/div>\n\t\t\t\t\t<\/div>\n\t\t","protected":false},"excerpt":{"rendered":"<p>Alapinform\u00e1ci\u00f3k a Biz\u00e1nci Patriarch\u00e1tusr\u00f3l (BKP) A Biz\u00e1nci Katolikus Patriarch\u00e1tus (BKP)kolostorban \u00e9l\u0151 szerzetesek, papok \u00e9s p\u00fcsp\u00f6k\u00f6k k\u00f6z\u00f6ss\u00e9ge. A BKP \u00e9l\u00e9n Ill\u00e9s p\u00e1tri\u00e1rka \u00e9s k\u00e9t p\u00fcsp\u00f6k-titk\u00e1r: +Tim\u00f3teus \u00e9s +Met\u00f3d \u00e1ll. A BKP a kereszt\u00e9ny alapigazs\u00e1gok her\u00e9zisekkel \u00e9s aposzt\u00e1zisokkal szembeni v\u00e9delm\u00e9ben alakult meg.Bergoglio megtagadta a tan\u00edt\u00e1s \u00e9s az erk\u00f6lcs alapelveit, ez\u00e9rt a Patriarch\u00e1tus, a katolikus tan\u00edt\u00e1s \u00e9s hagyom\u00e1ny [&hellip;]<\/p>\n","protected":false},"author":1,"featured_media":0,"parent":0,"menu_order":0,"comment_status":"open","ping_status":"open","template":"","meta":[],"_links":{"self":[{"href":"https:\/\/vkpatriarhat.org\/hu\/wp-json\/wp\/v2\/pages\/177"}],"collection":[{"href":"https:\/\/vkpatriarhat.org\/hu\/wp-json\/wp\/v2\/pages"}],"about":[{"href":"https:\/\/vkpatriarhat.org\/hu\/wp-json\/wp\/v2\/types\/page"}],"author":[{"embeddable":true,"href":"https:\/\/vkpatriarhat.org\/hu\/wp-json\/wp\/v2\/users\/1"}],"replies":[{"embeddable":true,"href":"https:\/\/vkpatriarhat.org\/hu\/wp-json\/wp\/v2\/comments?post=177"}],"version-history":[{"count":48,"href":"https:\/\/vkpatriarhat.org\/hu\/wp-json\/wp\/v2\/pages\/177\/revisions"}],"predecessor-version":[{"id":27098,"href":"https:\/\/vkpatriarhat.org\/hu\/wp-json\/wp\/v2\/pages\/177\/revisions\/27098"}],"wp:attachment":[{"href":"https:\/\/vkpatriarhat.org\/hu\/wp-json\/wp\/v2\/media?parent=177"}],"curies":[{"name":"wp","href":"https:\/\/api.w.org\/{rel}","templated":true}]}}